{"id":2499,"date":"2023-09-12T10:29:07","date_gmt":"2023-09-12T10:29:07","guid":{"rendered":"https:\/\/decorabalaguer.es\/services\/reforma-de-bano\/"},"modified":"2023-09-12T10:31:56","modified_gmt":"2023-09-12T10:31:56","slug":"reforma-de-bano","status":"publish","type":"avada_portfolio","link":"https:\/\/decorabalaguer.es\/es\/projectes\/reforma-de-bano\/","title":{"rendered":"Reforma de ba\u00f1o"},"content":{"rendered":"<div class=\"fusion-fullwidth fullwidth-box fusion-builder-row-1 fusion-flex-container nonhundred-percent-fullwidth non-hundred-percent-height-scrolling\" style=\"--awb-border-radius-top-left:0px;--awb-border-radius-top-right:0px;--awb-border-radius-bottom-right:0px;--awb-border-radius-bottom-left:0px;--awb-flex-wrap:wrap;\" ><div class=\"fusion-builder-row fusion-row fusion-flex-align-items-flex-start fusion-flex-content-wrap\" style=\"max-width:calc( 1200px + 80px );margin-left: calc(-80px \/ 2 );margin-right: calc(-80px \/ 2 );\"><div class=\"fusion-layout-column fusion_builder_column fusion-builder-column-0 fusion_builder_column_1_1 1_1 fusion-flex-column fusion-flex-align-self-center\" style=\"--awb-padding-top-small:41px;--awb-bg-size:cover;--awb-width-large:100%;--awb-margin-top-large:25px;--awb-spacing-right-large:40px;--awb-margin-bottom-large:25px;--awb-spacing-left-large:40px;--awb-width-medium:100%;--awb-order-medium:0;--awb-spacing-right-medium:40px;--awb-spacing-left-medium:40px;--awb-width-small:100%;--awb-order-small:1;--awb-spacing-right-small:40px;--awb-margin-bottom-small:0px;--awb-spacing-left-small:40px;\"><div class=\"fusion-column-wrapper fusion-column-has-shadow fusion-flex-justify-content-center fusion-content-layout-column\"><div class=\"fusion-text fusion-text-1 fusion-text-no-margin\" style=\"--awb-font-size:var(--awb-typography2-font-size);--awb-line-height:var(--awb-typography2-line-height);--awb-letter-spacing:var(--awb-typography2-letter-spacing);--awb-text-transform:var(--awb-typography2-text-transform);--awb-margin-bottom:10px;--awb-text-font-family:var(--awb-typography2-font-family);--awb-text-font-weight:var(--awb-typography2-font-weight);--awb-text-font-style:var(--awb-typography2-font-style);\"><p>Proyecto exitoso<\/p>\n<\/div><div class=\"fusion-title title fusion-title-1 fusion-sep-none fusion-title-text fusion-title-size-two\" style=\"--awb-margin-bottom:30px;--awb-margin-bottom-small:30px;\"><h2 class=\"fusion-title-heading title-heading-left\" style=\"margin:0;letter-spacing:-1px;text-transform:capitalize;\">Reforma<\/h2><\/div><div class=\"fusion-image-element \" style=\"text-align:left;--awb-margin-top:-20px;--awb-margin-bottom:30px;--awb-max-width:80px;--awb-caption-title-font-family:var(--h2_typography-font-family);--awb-caption-title-font-weight:var(--h2_typography-font-weight);--awb-caption-title-font-style:var(--h2_typography-font-style);--awb-caption-title-size:var(--h2_typography-font-size);--awb-caption-title-transform:var(--h2_typography-text-transform);--awb-caption-title-line-height:var(--h2_typography-line-height);--awb-caption-title-letter-spacing:var(--h2_typography-letter-spacing);\"><span class=\" fusion-imageframe imageframe-none imageframe-1 hover-type-none\"><img decoding=\"async\" width=\"2560\" height=\"614\" title=\"Linia_png\" src=\"data:image\/svg+xml,%3Csvg%20xmlns%3D%27http%3A%2F%2Fwww.w3.org%2F2000%2Fsvg%27%20width%3D%272560%27%20height%3D%27614%27%20viewBox%3D%270%200%202560%20614%27%3E%3Crect%20width%3D%272560%27%20height%3D%27614%27%20fill-opacity%3D%220%22%2F%3E%3C%2Fsvg%3E\" data-orig-src=\"https:\/\/decorabalaguer.es\/wp-content\/uploads\/2023\/07\/Linia_png.png\" alt class=\"lazyload img-responsive wp-image-2158\"\/><\/span><\/div><ul style=\"--awb-size:18px;--awb-line-height:30.6px;--awb-icon-width:30.6px;--awb-icon-height:30.6px;--awb-icon-margin:12.6px;--awb-content-margin:43.2px;\" class=\"fusion-checklist fusion-checklist-1 fusion-checklist-default type-icons\"><li class=\"fusion-li-item\" style=\"\"><span class=\"icon-wrapper circle-no\"><i class=\"fusion-li-icon awb-icon-check\" aria-hidden=\"true\"><\/i><\/span><div class=\"fusion-li-item-content\">Materiales de primera calidad<\/div><\/li><li class=\"fusion-li-item\" style=\"\"><span class=\"icon-wrapper circle-no\"><i class=\"fusion-li-icon awb-icon-check\" aria-hidden=\"true\"><\/i><\/span><div class=\"fusion-li-item-content\">Realizado en tiempo record<\/div><\/li><li class=\"fusion-li-item\" style=\"\"><span class=\"icon-wrapper circle-no\"><i class=\"fusion-li-icon awb-icon-check\" aria-hidden=\"true\"><\/i><\/span><div class=\"fusion-li-item-content\">Estilo moderno<\/div><\/li><\/ul><div class=\"fusion-separator fusion-full-width-sep\" style=\"align-self: center;margin-left: auto;margin-right: auto;margin-top:30px;margin-bottom:30px;width:100%;\"><div class=\"fusion-separator-border sep-single sep-solid\" style=\"--awb-height:20px;--awb-amount:20px;border-color:var(--awb-color3);border-top-width:1px;\"><\/div><\/div><div class=\"fusion-text fusion-text-2 fusion-text-no-margin\" style=\"--awb-text-transform:none;--awb-margin-bottom:40px;\"><p>En esta reforma de ba\u00f1o hemos utilizado KOBERT IN.<\/p>\n<p>Kobert in es un revestimiento mural de gran formato, creado con el objetivo de decorar interiores.<\/p>\n<p>Si quieres m\u00e1s informaci\u00f3n o necesitas asesoramiento no dudes en venir a vernos.<\/p>\n<\/div><div ><a class=\"fusion-button button-flat fusion-button-default-size button-custom fusion-button-default button-1 fusion-button-default-span fusion-button-default-type\" style=\"--button_accent_color:var(--awb-color1);--button_border_color:var(--awb-color1);--button_accent_hover_color:var(--awb-color8);--button_border_hover_color:var(--awb-color8);--button_gradient_top_color:var(--awb-color8);--button_gradient_bottom_color:var(--awb-color8);--button_gradient_top_color_hover:var(--awb-color4);--button_gradient_bottom_color_hover:var(--awb-color4);\" target=\"_self\" href=\"https:\/\/decorabalaguer.es\/es\/contacto\/\"><span class=\"fusion-button-text\">Contacta con nosotros<\/span><\/a><\/div><\/div><\/div><\/div><\/div>\n","protected":false},"excerpt":{"rendered":"<p>Estamos orgullosos de presentarte esa transformaci\u00f3n que ha sido el resultado de nuestra pasi\u00f3n por la decoraci\u00f3n y las reformas. <\/p>\n","protected":false},"author":1,"featured_media":2486,"menu_order":0,"comment_status":"open","ping_status":"closed","template":"","format":"standard","meta":{"footnotes":""},"portfolio_category":[],"portfolio_skills":[],"portfolio_tags":[],"class_list":["post-2499","avada_portfolio","type-avada_portfolio","status-publish","format-standard","has-post-thumbnail","hentry"],"yoast_head":"<!-- This site is optimized with the Yoast SEO plugin v21.0 - https:\/\/yoast.com\/wordpress\/plugins\/seo\/ -->\n<title>Reforma de ba\u00f1o - Decora Balaguer<\/title>\n<meta name=\"robots\" content=\"index, follow, max-snippet:-1, max-image-preview:large, max-video-preview:-1\" \/>\n<link rel=\"canonical\" href=\"https:\/\/decorabalaguer.es\/es\/projectes\/reforma-de-bano\/\" \/>\n<meta property=\"og:locale\" content=\"es_ES\" \/>\n<meta property=\"og:type\" content=\"article\" \/>\n<meta property=\"og:title\" content=\"Reforma de ba\u00f1o - Decora Balaguer\" \/>\n<meta property=\"og:description\" content=\"Estamos orgullosos de presentarte esa transformaci\u00f3n que ha sido el resultado de nuestra pasi\u00f3n por la decoraci\u00f3n y las reformas.\" \/>\n<meta property=\"og:url\" content=\"https:\/\/decorabalaguer.es\/es\/projectes\/reforma-de-bano\/\" \/>\n<meta property=\"og:site_name\" content=\"Decora Balaguer\" \/>\n<meta property=\"article:publisher\" content=\"https:\/\/www.facebook.com\/decorabalaguer\" \/>\n<meta property=\"article:modified_time\" content=\"2023-09-12T10:31:56+00:00\" \/>\n<meta property=\"og:image\" content=\"https:\/\/decorabalaguer.es\/wp-content\/uploads\/2021\/10\/Projectes_Decora_Balaguer_02.jpg\" \/>\n\t<meta property=\"og:image:width\" content=\"1080\" \/>\n\t<meta property=\"og:image:height\" content=\"1080\" \/>\n\t<meta property=\"og:image:type\" content=\"image\/jpeg\" \/>\n<meta name=\"twitter:card\" content=\"summary_large_image\" \/>\n<meta name=\"twitter:label1\" content=\"Tiempo de lectura\" \/>\n\t<meta name=\"twitter:data1\" content=\"5 minutos\" \/>\n<script type=\"application\/ld+json\" class=\"yoast-schema-graph\">{\"@context\":\"https:\/\/schema.org\",\"@graph\":[{\"@type\":\"WebPage\",\"@id\":\"https:\/\/decorabalaguer.es\/es\/projectes\/reforma-de-bano\/\",\"url\":\"https:\/\/decorabalaguer.es\/es\/projectes\/reforma-de-bano\/\",\"name\":\"Reforma de ba\u00f1o - Decora Balaguer\",\"isPartOf\":{\"@id\":\"https:\/\/decorabalaguer.es\/es\/#website\"},\"datePublished\":\"2023-09-12T10:29:07+00:00\",\"dateModified\":\"2023-09-12T10:31:56+00:00\",\"breadcrumb\":{\"@id\":\"https:\/\/decorabalaguer.es\/es\/projectes\/reforma-de-bano\/#breadcrumb\"},\"inLanguage\":\"es\",\"potentialAction\":[{\"@type\":\"ReadAction\",\"target\":[\"https:\/\/decorabalaguer.es\/es\/projectes\/reforma-de-bano\/\"]}]},{\"@type\":\"BreadcrumbList\",\"@id\":\"https:\/\/decorabalaguer.es\/es\/projectes\/reforma-de-bano\/#breadcrumb\",\"itemListElement\":[{\"@type\":\"ListItem\",\"position\":1,\"name\":\"Portada\",\"item\":\"https:\/\/decorabalaguer.es\/es\/inicio\/\"},{\"@type\":\"ListItem\",\"position\":2,\"name\":\"Portfolio\",\"item\":\"https:\/\/decorabalaguer.es\/es\/projectes\/\"},{\"@type\":\"ListItem\",\"position\":3,\"name\":\"Reforma de ba\u00f1o\"}]},{\"@type\":\"WebSite\",\"@id\":\"https:\/\/decorabalaguer.es\/es\/#website\",\"url\":\"https:\/\/decorabalaguer.es\/es\/\",\"name\":\"Decora Balaguer\",\"description\":\"Qualitat i servei\",\"publisher\":{\"@id\":\"https:\/\/decorabalaguer.es\/es\/#organization\"},\"potentialAction\":[{\"@type\":\"SearchAction\",\"target\":{\"@type\":\"EntryPoint\",\"urlTemplate\":\"https:\/\/decorabalaguer.es\/es\/?s={search_term_string}\"},\"query-input\":\"required name=search_term_string\"}],\"inLanguage\":\"es\"},{\"@type\":\"Organization\",\"@id\":\"https:\/\/decorabalaguer.es\/es\/#organization\",\"name\":\"Decora Balaguer\",\"url\":\"https:\/\/decorabalaguer.es\/es\/\",\"logo\":{\"@type\":\"ImageObject\",\"inLanguage\":\"es\",\"@id\":\"https:\/\/decorabalaguer.es\/es\/#\/schema\/logo\/image\/\",\"url\":\"https:\/\/decorabalaguer.es\/wp-content\/uploads\/2023\/06\/Logo_Decora_Balaguer_normal.png\",\"contentUrl\":\"https:\/\/decorabalaguer.es\/wp-content\/uploads\/2023\/06\/Logo_Decora_Balaguer_normal.png\",\"width\":315,\"height\":120,\"caption\":\"Decora Balaguer\"},\"image\":{\"@id\":\"https:\/\/decorabalaguer.es\/es\/#\/schema\/logo\/image\/\"},\"sameAs\":[\"https:\/\/www.facebook.com\/decorabalaguer\"]}]}<\/script>\n<!-- \/ Yoast SEO plugin. -->","yoast_head_json":{"title":"Reforma de ba\u00f1o - Decora Balaguer","robots":{"index":"index","follow":"follow","max-snippet":"max-snippet:-1","max-image-preview":"max-image-preview:large","max-video-preview":"max-video-preview:-1"},"canonical":"https:\/\/decorabalaguer.es\/es\/projectes\/reforma-de-bano\/","og_locale":"es_ES","og_type":"article","og_title":"Reforma de ba\u00f1o - Decora Balaguer","og_description":"Estamos orgullosos de presentarte esa transformaci\u00f3n que ha sido el resultado de nuestra pasi\u00f3n por la decoraci\u00f3n y las reformas.","og_url":"https:\/\/decorabalaguer.es\/es\/projectes\/reforma-de-bano\/","og_site_name":"Decora Balaguer","article_publisher":"https:\/\/www.facebook.com\/decorabalaguer","article_modified_time":"2023-09-12T10:31:56+00:00","og_image":[{"width":1080,"height":1080,"url":"https:\/\/decorabalaguer.es\/wp-content\/uploads\/2021\/10\/Projectes_Decora_Balaguer_02.jpg","type":"image\/jpeg"}],"twitter_card":"summary_large_image","twitter_misc":{"Tiempo de lectura":"5 minutos"},"schema":{"@context":"https:\/\/schema.org","@graph":[{"@type":"WebPage","@id":"https:\/\/decorabalaguer.es\/es\/projectes\/reforma-de-bano\/","url":"https:\/\/decorabalaguer.es\/es\/projectes\/reforma-de-bano\/","name":"Reforma de ba\u00f1o - Decora Balaguer","isPartOf":{"@id":"https:\/\/decorabalaguer.es\/es\/#website"},"datePublished":"2023-09-12T10:29:07+00:00","dateModified":"2023-09-12T10:31:56+00:00","breadcrumb":{"@id":"https:\/\/decorabalaguer.es\/es\/projectes\/reforma-de-bano\/#breadcrumb"},"inLanguage":"es","potentialAction":[{"@type":"ReadAction","target":["https:\/\/decorabalaguer.es\/es\/projectes\/reforma-de-bano\/"]}]},{"@type":"BreadcrumbList","@id":"https:\/\/decorabalaguer.es\/es\/projectes\/reforma-de-bano\/#breadcrumb","itemListElement":[{"@type":"ListItem","position":1,"name":"Portada","item":"https:\/\/decorabalaguer.es\/es\/inicio\/"},{"@type":"ListItem","position":2,"name":"Portfolio","item":"https:\/\/decorabalaguer.es\/es\/projectes\/"},{"@type":"ListItem","position":3,"name":"Reforma de ba\u00f1o"}]},{"@type":"WebSite","@id":"https:\/\/decorabalaguer.es\/es\/#website","url":"https:\/\/decorabalaguer.es\/es\/","name":"Decora Balaguer","description":"Qualitat i servei","publisher":{"@id":"https:\/\/decorabalaguer.es\/es\/#organization"},"potentialAction":[{"@type":"SearchAction","target":{"@type":"EntryPoint","urlTemplate":"https:\/\/decorabalaguer.es\/es\/?s={search_term_string}"},"query-input":"required name=search_term_string"}],"inLanguage":"es"},{"@type":"Organization","@id":"https:\/\/decorabalaguer.es\/es\/#organization","name":"Decora Balaguer","url":"https:\/\/decorabalaguer.es\/es\/","logo":{"@type":"ImageObject","inLanguage":"es","@id":"https:\/\/decorabalaguer.es\/es\/#\/schema\/logo\/image\/","url":"https:\/\/decorabalaguer.es\/wp-content\/uploads\/2023\/06\/Logo_Decora_Balaguer_normal.png","contentUrl":"https:\/\/decorabalaguer.es\/wp-content\/uploads\/2023\/06\/Logo_Decora_Balaguer_normal.png","width":315,"height":120,"caption":"Decora Balaguer"},"image":{"@id":"https:\/\/decorabalaguer.es\/es\/#\/schema\/logo\/image\/"},"sameAs":["https:\/\/www.facebook.com\/decorabalaguer"]}]}},"_links":{"self":[{"href":"https:\/\/decorabalaguer.es\/es\/wp-json\/wp\/v2\/avada_portfolio\/2499","targetHints":{"allow":["GET"]}}],"collection":[{"href":"https:\/\/decorabalaguer.es\/es\/wp-json\/wp\/v2\/avada_portfolio"}],"about":[{"href":"https:\/\/decorabalaguer.es\/es\/wp-json\/wp\/v2\/types\/avada_portfolio"}],"author":[{"embeddable":true,"href":"https:\/\/decorabalaguer.es\/es\/wp-json\/wp\/v2\/users\/1"}],"replies":[{"embeddable":true,"href":"https:\/\/decorabalaguer.es\/es\/wp-json\/wp\/v2\/comments?post=2499"}],"version-history":[{"count":3,"href":"https:\/\/decorabalaguer.es\/es\/wp-json\/wp\/v2\/avada_portfolio\/2499\/revisions"}],"predecessor-version":[{"id":2502,"href":"https:\/\/decorabalaguer.es\/es\/wp-json\/wp\/v2\/avada_portfolio\/2499\/revisions\/2502"}],"wp:featuredmedia":[{"embeddable":true,"href":"https:\/\/decorabalaguer.es\/es\/wp-json\/wp\/v2\/media\/2486"}],"wp:attachment":[{"href":"https:\/\/decorabalaguer.es\/es\/wp-json\/wp\/v2\/media?parent=2499"}],"wp:term":[{"taxonomy":"portfolio_category","embeddable":true,"href":"https:\/\/decorabalaguer.es\/es\/wp-json\/wp\/v2\/portfolio_category?post=2499"},{"taxonomy":"portfolio_skills","embeddable":true,"href":"https:\/\/decorabalaguer.es\/es\/wp-json\/wp\/v2\/portfolio_skills?post=2499"},{"taxonomy":"portfolio_tags","embeddable":true,"href":"https:\/\/decorabalaguer.es\/es\/wp-json\/wp\/v2\/portfolio_tags?post=2499"}],"curies":[{"name":"wp","href":"https:\/\/api.w.org\/{rel}","templated":true}]}}